{"id":64501,"date":"2026-04-07T16:59:13","date_gmt":"2026-04-07T13:59:13","guid":{"rendered":"https:\/\/vmsport.fi\/verkkokauppa\/Ei-luokiteltu\/restrap-full-frame-bag-medium-black\/"},"modified":"2026-04-22T15:10:16","modified_gmt":"2026-04-22T12:10:16","slug":"restrap-full-frame-bag-medium-black","status":"publish","type":"product","link":"https:\/\/vmsport.fi\/sv\/verkkokauppa\/tarvikkeet\/laukut\/runkolaukut\/restrap-full-frame-bag-medium-black\/","title":{"rendered":"Restrap Full Frame Bag Medium Black"},"content":{"rendered":"<p data-start=\"0\" data-end=\"207\">Restrap Full Frame Bag on suunniteltu lis\u00e4\u00e4m\u00e4\u00e4n py\u00f6r\u00e4si kantavuutta mukavaa bikepackingia ja retkiajoa varten. Laukku on saatavilla kolmessa eri koossa, ja se sopii useimpiin runkomalleihin ja geometrioihin.<\/p>\n<p data-start=\"209\" data-end=\"591\">Kaksi Aquaguard YKK -vetoketjua vetopuolella mahdollistavat helpon p\u00e4\u00e4syn laukun yl\u00e4- ja alaosaan. Sis\u00e4iset tarralla s\u00e4\u00e4dett\u00e4v\u00e4t v\u00e4lisein\u00e4t auttavat pit\u00e4m\u00e4\u00e4n tavarat j\u00e4rjestyksess\u00e4 ja tukevat laukun rakennetta t\u00e4yteen pakattuna, mutta ne voidaan my\u00f6s taittaa pois, jolloin koko tila on k\u00e4ytett\u00e4viss\u00e4. Vastakkaisella puolella on k\u00e4yt\u00e4nn\u00f6llinen dokumenttitasku pienemmille tavaroille.<\/p>\n<p data-start=\"593\" data-end=\"931\">Laukku on valmistettu kest\u00e4v\u00e4st\u00e4, teksturoidusta nailonista ja VX21-kankaasta. Pyyhitt\u00e4v\u00e4 alaosa helpottaa puhtaanapitoa erityisesti maastoajossa ja huonoissa s\u00e4\u00e4olosuhteissa. Kumipintaiset kiinnityshihnat lis\u00e4\u00e4v\u00e4t pitoa runkoa vasten, ja helppok\u00e4ytt\u00f6iset cam lock -soljet pit\u00e4v\u00e4t laukun tukevasti paikallaan ilman heilumista ajon aikana.<\/p>\n<p data-start=\"933\" data-end=\"1037\">K\u00e4sintehty Restrapin Yorkshire-verstaalla ja viimeistelty klassisella, vegaaniyst\u00e4v\u00e4llisell\u00e4 PU-logolla.<\/p>\n<p data-start=\"1039\" data-end=\"1083\" data-is-last-node=\"\" data-is-only-node=\"\">Tilavuus: 7,5 L<br data-start=\"1054\" data-end=\"1057\" \/>V\u00e4ri: musta<br data-start=\"1068\" data-end=\"1071\" \/>Paino: 320 g<\/p>","protected":false},"excerpt":{"rendered":"<p>Restrap Full Frame Bag on suunniteltu lis\u00e4\u00e4m\u00e4\u00e4n py\u00f6r\u00e4si kantavuutta mukavaa bikepackingia ja retkiajoa varten. Laukku on saatavilla kolmessa eri koossa, ja se sopii useimpiin runkomalleihin ja geometrioihin. Kaksi Aquaguard YKK -vetoketjua vetopuolella mahdollistavat helpon p\u00e4\u00e4syn laukun yl\u00e4- ja alaosaan. Sis\u00e4iset tarralla s\u00e4\u00e4dett\u00e4v\u00e4t v\u00e4lisein\u00e4t auttavat pit\u00e4m\u00e4\u00e4n tavarat j\u00e4rjestyksess\u00e4 ja tukevat laukun rakennetta t\u00e4yteen pakattuna, mutta ne [&#8230;]<\/p>\n<p><a class=\"btn btn-secondary understrap-read-more-link\" href=\"https:\/\/vmsport.fi\/sv\/verkkokauppa\/tarvikkeet\/laukut\/runkolaukut\/restrap-full-frame-bag-medium-black\/\">L\u00e4s mer \u2026<span class=\"screen-reader-text\"> from Restrap Full Frame Bag Medium Black<\/span><\/a><\/p>\n","protected":false},"featured_media":64517,"comment_status":"open","ping_status":"closed","template":"","meta":{"_acf_changed":false,"_improvement_type_select":"improve_an_existing","_thumb_yes_seoaic":false,"_frame_yes_seoaic":false,"seoaic_generate_description":"","seoaic_improve_instructions_prompt":"","seoaic_rollback_content_improvement":"","seoaic_idea_thumbnail_generator":"","thumbnail_generated":false,"thumbnail_generate_prompt":"","seoaic_article_description":"","_supplier_stock_quantity":0},"product_brand":[10097],"product_model":[],"product_cat":[9600],"product_tag":[],"industry-terminology":[],"class_list":{"0":"post-64501","1":"product","2":"type-product","3":"status-publish","4":"has-post-thumbnail","6":"product_brand-restrap","7":"product_cat-runkolaukut","9":"first","10":"outofstock","11":"taxable","12":"shipping-taxable","13":"product-type-simple"},"acf":{"bike_features":null,"overview":{"copy_overview":null,"key_features":null,"statement":"","youtube_url":""}},"yoast_head":"<!-- This site is optimized with the Yoast SEO plugin v27.5 - https:\/\/yoast.com\/product\/yoast-seo-wordpress\/ -->\n<title>Restrap Full Frame Bag Medium Black - VM Sport<\/title>\n<meta name=\"robots\" content=\"index, follow, max-snippet:-1, max-image-preview:large, max-video-preview:-1\" \/>\n<link rel=\"canonical\" href=\"https:\/\/vmsport.fi\/sv\/webbutik\/tillbehor\/vaskor\/bagagevaskor\/restrap-full-frame-bag-medium-black\/\" \/>\n<meta property=\"og:locale\" content=\"sv_SE\" \/>\n<meta property=\"og:type\" content=\"article\" \/>\n<meta property=\"og:title\" content=\"Restrap Full Frame Bag Medium Black - VM Sport\" \/>\n<meta property=\"og:description\" content=\"Restrap Full Frame Bag on suunniteltu lis\u00e4\u00e4m\u00e4\u00e4n py\u00f6r\u00e4si kantavuutta mukavaa bikepackingia ja retkiajoa varten. Laukku on saatavilla kolmessa eri koossa, ja se sopii useimpiin runkomalleihin ja geometrioihin. Kaksi Aquaguard YKK -vetoketjua vetopuolella mahdollistavat helpon p\u00e4\u00e4syn laukun yl\u00e4- ja alaosaan. Sis\u00e4iset tarralla s\u00e4\u00e4dett\u00e4v\u00e4t v\u00e4lisein\u00e4t auttavat pit\u00e4m\u00e4\u00e4n tavarat j\u00e4rjestyksess\u00e4 ja tukevat laukun rakennetta t\u00e4yteen pakattuna, mutta ne [...]L\u00e4s mer \u2026 from Restrap Full Frame Bag Medium Black\" \/>\n<meta property=\"og:url\" content=\"https:\/\/vmsport.fi\/sv\/webbutik\/tillbehor\/vaskor\/bagagevaskor\/restrap-full-frame-bag-medium-black\/\" \/>\n<meta property=\"og:site_name\" content=\"VM Sport\" \/>\n<meta property=\"article:publisher\" content=\"https:\/\/www.facebook.com\/Vmsport.fi\/\" \/>\n<meta property=\"article:modified_time\" content=\"2026-04-22T12:10:16+00:00\" \/>\n<meta property=\"og:image\" content=\"https:\/\/vmsport.fi\/wp-content\/uploads\/2026\/04\/restrap-full-sized-frame-bag-medium-black.jpg\" \/>\n\t<meta property=\"og:image:width\" content=\"1000\" \/>\n\t<meta property=\"og:image:height\" content=\"1000\" \/>\n\t<meta property=\"og:image:type\" content=\"image\/jpeg\" \/>\n<meta name=\"twitter:card\" content=\"summary_large_image\" \/>\n<meta name=\"twitter:label1\" content=\"Ber\u00e4knad l\u00e4stid\" \/>\n\t<meta name=\"twitter:data1\" content=\"1 minut\" \/>\n<script type=\"application\/ld+json\" class=\"yoast-schema-graph\">{\"@context\":\"https:\\\/\\\/schema.org\",\"@graph\":[{\"@type\":[\"WebPage\",\"ItemPage\"],\"@id\":\"https:\\\/\\\/vmsport.fi\\\/verkkokauppa\\\/tarvikkeet\\\/laukut\\\/runkolaukut\\\/restrap-full-frame-bag-medium-black\\\/\",\"url\":\"https:\\\/\\\/vmsport.fi\\\/verkkokauppa\\\/tarvikkeet\\\/laukut\\\/runkolaukut\\\/restrap-full-frame-bag-medium-black\\\/\",\"name\":\"Restrap Full Frame Bag Medium Black - VM Sport\",\"isPartOf\":{\"@id\":\"https:\\\/\\\/vmsport.fi\\\/#website\"},\"primaryImageOfPage\":{\"@id\":\"https:\\\/\\\/vmsport.fi\\\/verkkokauppa\\\/tarvikkeet\\\/laukut\\\/runkolaukut\\\/restrap-full-frame-bag-medium-black\\\/#primaryimage\"},\"image\":{\"@id\":\"https:\\\/\\\/vmsport.fi\\\/verkkokauppa\\\/tarvikkeet\\\/laukut\\\/runkolaukut\\\/restrap-full-frame-bag-medium-black\\\/#primaryimage\"},\"thumbnailUrl\":\"https:\\\/\\\/vmsport.fi\\\/wp-content\\\/uploads\\\/2026\\\/04\\\/restrap-full-sized-frame-bag-medium-black.jpg\",\"datePublished\":\"2026-04-07T13:59:13+00:00\",\"dateModified\":\"2026-04-22T12:10:16+00:00\",\"breadcrumb\":{\"@id\":\"https:\\\/\\\/vmsport.fi\\\/verkkokauppa\\\/tarvikkeet\\\/laukut\\\/runkolaukut\\\/restrap-full-frame-bag-medium-black\\\/#breadcrumb\"},\"inLanguage\":\"sv-SE\",\"potentialAction\":[{\"@type\":\"ReadAction\",\"target\":[\"https:\\\/\\\/vmsport.fi\\\/verkkokauppa\\\/tarvikkeet\\\/laukut\\\/runkolaukut\\\/restrap-full-frame-bag-medium-black\\\/\"]}]},{\"@type\":\"ImageObject\",\"inLanguage\":\"sv-SE\",\"@id\":\"https:\\\/\\\/vmsport.fi\\\/verkkokauppa\\\/tarvikkeet\\\/laukut\\\/runkolaukut\\\/restrap-full-frame-bag-medium-black\\\/#primaryimage\",\"url\":\"https:\\\/\\\/vmsport.fi\\\/wp-content\\\/uploads\\\/2026\\\/04\\\/restrap-full-sized-frame-bag-medium-black.jpg\",\"contentUrl\":\"https:\\\/\\\/vmsport.fi\\\/wp-content\\\/uploads\\\/2026\\\/04\\\/restrap-full-sized-frame-bag-medium-black.jpg\",\"width\":1000,\"height\":1000,\"caption\":\"restrap-full-sized-frame-bag-medium-black\"},{\"@type\":\"BreadcrumbList\",\"@id\":\"https:\\\/\\\/vmsport.fi\\\/verkkokauppa\\\/tarvikkeet\\\/laukut\\\/runkolaukut\\\/restrap-full-frame-bag-medium-black\\\/#breadcrumb\",\"itemListElement\":[{\"@type\":\"ListItem\",\"position\":1,\"name\":\"Etusivu\",\"item\":\"https:\\\/\\\/vmsport.fi\\\/\"},{\"@type\":\"ListItem\",\"position\":2,\"name\":\"Online Store\",\"item\":\"https:\\\/\\\/vmsport.fi\\\/en\\\/online-store\\\/\"},{\"@type\":\"ListItem\",\"position\":3,\"name\":\"Restrap\",\"item\":\"https:\\\/\\\/vmsport.fi\\\/merkki\\\/restrap\\\/\"},{\"@type\":\"ListItem\",\"position\":4,\"name\":\"Restrap Full Frame Bag Medium Black\"}]},{\"@type\":\"WebSite\",\"@id\":\"https:\\\/\\\/vmsport.fi\\\/#website\",\"url\":\"https:\\\/\\\/vmsport.fi\\\/\",\"name\":\"Vmsport\",\"description\":\"Kaikki py\u00f6r\u00e4ilyyn yhdest\u00e4 paikasta\",\"publisher\":{\"@id\":\"https:\\\/\\\/vmsport.fi\\\/#organization\"},\"potentialAction\":[{\"@type\":\"SearchAction\",\"target\":{\"@type\":\"EntryPoint\",\"urlTemplate\":\"https:\\\/\\\/vmsport.fi\\\/?s={search_term_string}\"},\"query-input\":{\"@type\":\"PropertyValueSpecification\",\"valueRequired\":true,\"valueName\":\"search_term_string\"}}],\"inLanguage\":\"sv-SE\"},{\"@type\":\"Organization\",\"@id\":\"https:\\\/\\\/vmsport.fi\\\/#organization\",\"name\":\"Vmsport\",\"url\":\"https:\\\/\\\/vmsport.fi\\\/\",\"logo\":{\"@type\":\"ImageObject\",\"inLanguage\":\"sv-SE\",\"@id\":\"https:\\\/\\\/vmsport.fi\\\/#\\\/schema\\\/logo\\\/image\\\/\",\"url\":\"https:\\\/\\\/vmsport.fi\\\/wp-content\\\/uploads\\\/2024\\\/12\\\/vm_sport_RGB_horisontal-e1734526017575.png\",\"contentUrl\":\"https:\\\/\\\/vmsport.fi\\\/wp-content\\\/uploads\\\/2024\\\/12\\\/vm_sport_RGB_horisontal-e1734526017575.png\",\"width\":668,\"height\":85,\"caption\":\"Vmsport\"},\"image\":{\"@id\":\"https:\\\/\\\/vmsport.fi\\\/#\\\/schema\\\/logo\\\/image\\\/\"},\"sameAs\":[\"https:\\\/\\\/www.facebook.com\\\/Vmsport.fi\\\/\",\"https:\\\/\\\/www.instagram.com\\\/vmsport\\\/\"]}]}<\/script>\n<!-- \/ Yoast SEO plugin. -->","yoast_head_json":{"title":"Restrap Full Frame Bag Medium Black - VM Sport","robots":{"index":"index","follow":"follow","max-snippet":"max-snippet:-1","max-image-preview":"max-image-preview:large","max-video-preview":"max-video-preview:-1"},"canonical":"https:\/\/vmsport.fi\/sv\/webbutik\/tillbehor\/vaskor\/bagagevaskor\/restrap-full-frame-bag-medium-black\/","og_locale":"sv_SE","og_type":"article","og_title":"Restrap Full Frame Bag Medium Black - VM Sport","og_description":"Restrap Full Frame Bag on suunniteltu lis\u00e4\u00e4m\u00e4\u00e4n py\u00f6r\u00e4si kantavuutta mukavaa bikepackingia ja retkiajoa varten. Laukku on saatavilla kolmessa eri koossa, ja se sopii useimpiin runkomalleihin ja geometrioihin. Kaksi Aquaguard YKK -vetoketjua vetopuolella mahdollistavat helpon p\u00e4\u00e4syn laukun yl\u00e4- ja alaosaan. Sis\u00e4iset tarralla s\u00e4\u00e4dett\u00e4v\u00e4t v\u00e4lisein\u00e4t auttavat pit\u00e4m\u00e4\u00e4n tavarat j\u00e4rjestyksess\u00e4 ja tukevat laukun rakennetta t\u00e4yteen pakattuna, mutta ne [...]L\u00e4s mer \u2026 from Restrap Full Frame Bag Medium Black","og_url":"https:\/\/vmsport.fi\/sv\/webbutik\/tillbehor\/vaskor\/bagagevaskor\/restrap-full-frame-bag-medium-black\/","og_site_name":"VM Sport","article_publisher":"https:\/\/www.facebook.com\/Vmsport.fi\/","article_modified_time":"2026-04-22T12:10:16+00:00","og_image":[{"width":1000,"height":1000,"url":"https:\/\/vmsport.fi\/wp-content\/uploads\/2026\/04\/restrap-full-sized-frame-bag-medium-black.jpg","type":"image\/jpeg"}],"twitter_card":"summary_large_image","twitter_misc":{"Ber\u00e4knad l\u00e4stid":"1 minut"},"schema":{"@context":"https:\/\/schema.org","@graph":[{"@type":["WebPage","ItemPage"],"@id":"https:\/\/vmsport.fi\/verkkokauppa\/tarvikkeet\/laukut\/runkolaukut\/restrap-full-frame-bag-medium-black\/","url":"https:\/\/vmsport.fi\/verkkokauppa\/tarvikkeet\/laukut\/runkolaukut\/restrap-full-frame-bag-medium-black\/","name":"Restrap Full Frame Bag Medium Black - VM Sport","isPartOf":{"@id":"https:\/\/vmsport.fi\/#website"},"primaryImageOfPage":{"@id":"https:\/\/vmsport.fi\/verkkokauppa\/tarvikkeet\/laukut\/runkolaukut\/restrap-full-frame-bag-medium-black\/#primaryimage"},"image":{"@id":"https:\/\/vmsport.fi\/verkkokauppa\/tarvikkeet\/laukut\/runkolaukut\/restrap-full-frame-bag-medium-black\/#primaryimage"},"thumbnailUrl":"https:\/\/vmsport.fi\/wp-content\/uploads\/2026\/04\/restrap-full-sized-frame-bag-medium-black.jpg","datePublished":"2026-04-07T13:59:13+00:00","dateModified":"2026-04-22T12:10:16+00:00","breadcrumb":{"@id":"https:\/\/vmsport.fi\/verkkokauppa\/tarvikkeet\/laukut\/runkolaukut\/restrap-full-frame-bag-medium-black\/#breadcrumb"},"inLanguage":"sv-SE","potentialAction":[{"@type":"ReadAction","target":["https:\/\/vmsport.fi\/verkkokauppa\/tarvikkeet\/laukut\/runkolaukut\/restrap-full-frame-bag-medium-black\/"]}]},{"@type":"ImageObject","inLanguage":"sv-SE","@id":"https:\/\/vmsport.fi\/verkkokauppa\/tarvikkeet\/laukut\/runkolaukut\/restrap-full-frame-bag-medium-black\/#primaryimage","url":"https:\/\/vmsport.fi\/wp-content\/uploads\/2026\/04\/restrap-full-sized-frame-bag-medium-black.jpg","contentUrl":"https:\/\/vmsport.fi\/wp-content\/uploads\/2026\/04\/restrap-full-sized-frame-bag-medium-black.jpg","width":1000,"height":1000,"caption":"restrap-full-sized-frame-bag-medium-black"},{"@type":"BreadcrumbList","@id":"https:\/\/vmsport.fi\/verkkokauppa\/tarvikkeet\/laukut\/runkolaukut\/restrap-full-frame-bag-medium-black\/#breadcrumb","itemListElement":[{"@type":"ListItem","position":1,"name":"Etusivu","item":"https:\/\/vmsport.fi\/"},{"@type":"ListItem","position":2,"name":"Online Store","item":"https:\/\/vmsport.fi\/en\/online-store\/"},{"@type":"ListItem","position":3,"name":"Restrap","item":"https:\/\/vmsport.fi\/merkki\/restrap\/"},{"@type":"ListItem","position":4,"name":"Restrap Full Frame Bag Medium Black"}]},{"@type":"WebSite","@id":"https:\/\/vmsport.fi\/#website","url":"https:\/\/vmsport.fi\/","name":"Vmsport","description":"Allt p\u00e5 ett st\u00e4lle f\u00f6r cykling","publisher":{"@id":"https:\/\/vmsport.fi\/#organization"},"potentialAction":[{"@type":"SearchAction","target":{"@type":"EntryPoint","urlTemplate":"https:\/\/vmsport.fi\/?s={search_term_string}"},"query-input":{"@type":"PropertyValueSpecification","valueRequired":true,"valueName":"search_term_string"}}],"inLanguage":"sv-SE"},{"@type":"Organization","@id":"https:\/\/vmsport.fi\/#organization","name":"Vmsport","url":"https:\/\/vmsport.fi\/","logo":{"@type":"ImageObject","inLanguage":"sv-SE","@id":"https:\/\/vmsport.fi\/#\/schema\/logo\/image\/","url":"https:\/\/vmsport.fi\/wp-content\/uploads\/2024\/12\/vm_sport_RGB_horisontal-e1734526017575.png","contentUrl":"https:\/\/vmsport.fi\/wp-content\/uploads\/2024\/12\/vm_sport_RGB_horisontal-e1734526017575.png","width":668,"height":85,"caption":"Vmsport"},"image":{"@id":"https:\/\/vmsport.fi\/#\/schema\/logo\/image\/"},"sameAs":["https:\/\/www.facebook.com\/Vmsport.fi\/","https:\/\/www.instagram.com\/vmsport\/"]}]}},"global_unique_id":"","_links":{"self":[{"href":"https:\/\/vmsport.fi\/sv\/wp-json\/wp\/v2\/product\/64501","targetHints":{"allow":["GET"]}}],"collection":[{"href":"https:\/\/vmsport.fi\/sv\/wp-json\/wp\/v2\/product"}],"about":[{"href":"https:\/\/vmsport.fi\/sv\/wp-json\/wp\/v2\/types\/product"}],"replies":[{"embeddable":true,"href":"https:\/\/vmsport.fi\/sv\/wp-json\/wp\/v2\/comments?post=64501"}],"wp:featuredmedia":[{"embeddable":true,"href":"https:\/\/vmsport.fi\/sv\/wp-json\/wp\/v2\/media\/64517"}],"wp:attachment":[{"href":"https:\/\/vmsport.fi\/sv\/wp-json\/wp\/v2\/media?parent=64501"}],"wp:term":[{"taxonomy":"product_brand","embeddable":true,"href":"https:\/\/vmsport.fi\/sv\/wp-json\/wp\/v2\/product_brand?post=64501"},{"taxonomy":"product_model","embeddable":true,"href":"https:\/\/vmsport.fi\/sv\/wp-json\/wp\/v2\/product_model?post=64501"},{"taxonomy":"product_cat","embeddable":true,"href":"https:\/\/vmsport.fi\/sv\/wp-json\/wp\/v2\/product_cat?post=64501"},{"taxonomy":"product_tag","embeddable":true,"href":"https:\/\/vmsport.fi\/sv\/wp-json\/wp\/v2\/product_tag?post=64501"},{"taxonomy":"industry_terminology","embeddable":true,"href":"https:\/\/vmsport.fi\/sv\/wp-json\/wp\/v2\/industry-terminology?post=64501"}],"curies":[{"name":"wp","href":"https:\/\/api.w.org\/{rel}","templated":true}]}}