{"id":54102,"date":"2025-03-05T23:49:32","date_gmt":"2025-03-05T21:49:32","guid":{"rendered":"https:\/\/vmsport.fi\/verkkokauppa\/Ei-luokiteltu\/eu-charger-power-cable\/"},"modified":"2026-08-31T14:17:16","modified_gmt":"2026-08-31T11:17:16","slug":"eu-charger-power-cable","status":"publish","type":"product","link":"https:\/\/vmsport.fi\/sv\/verkkokauppa\/varaosat\/sahkopyorien-osat\/sahkopyora-tarvikkeet\/eu-charger-power-cable\/","title":{"rendered":"EU-laddare Str\u00f6mkabel"},"content":{"rendered":"<p>Denna svarta, bipol\u00e4ra EU-str\u00f6mkabel \u00e4r l\u00e4mplig f\u00f6r ett brett utbud av europeiska elanslutningar. Den h\u00f6gkvalitativa kontakten garanterar en s\u00e4ker och effektiv str\u00f6mf\u00f6rs\u00f6rjning, vilket g\u00f6r den till ett utm\u00e4rkt val f\u00f6r din elektriska utrustning. Den flexibla sladden g\u00f6r den enkel att anv\u00e4nda, vilket g\u00f6r den l\u00e4mplig f\u00f6r b\u00e5de hem och kontor. Tillf\u00f6rlitlighet och praktiska egenskaper kombineras i den h\u00e4r n\u00e4tsladden, vilket g\u00f6r den till ett viktigt tillbeh\u00f6r f\u00f6r str\u00f6mf\u00f6rs\u00f6rjning av dina apparater.<\/p>","protected":false},"excerpt":{"rendered":"<p>Denna svarta, bipol\u00e4ra EU-str\u00f6mkabel \u00e4r l\u00e4mplig f\u00f6r ett brett utbud av europeiska elanslutningar. Den h\u00f6gkvalitativa kontakten garanterar en s\u00e4ker och effektiv str\u00f6mf\u00f6rs\u00f6rjning, vilket g\u00f6r den till ett utm\u00e4rkt val f\u00f6r din elektriska utrustning. Den flexibla sladden g\u00f6r den enkel att anv\u00e4nda, vilket g\u00f6r den l\u00e4mplig f\u00f6r b\u00e5de hem och kontor. Tillf\u00f6rlitlighet och praktiska egenskaper kombineras i den h\u00e4r n\u00e4tsladden, vilket g\u00f6r den till ett viktigt tillbeh\u00f6r f\u00f6r str\u00f6mf\u00f6rs\u00f6rjning av dina apparater.<\/p>","protected":false},"featured_media":54101,"comment_status":"open","ping_status":"closed","template":"","meta":{"_acf_changed":false,"_supplier_stock_quantity":0},"product_brand":[],"product_model":[],"product_cat":[9468],"product_tag":[],"industry-terminology":[],"class_list":["post-54102","product","type-product","status-publish","has-post-thumbnail","product_cat-sahkopyora-tarvikkeet","first","outofstock","taxable","shipping-taxable","product-type-simple"],"acf":{"bike_features":null,"overview":{"copy_overview":null,"key_features":null,"statement":"","youtube_url":""}},"yoast_head":"<!-- This site is optimized with the Yoast SEO plugin v28.3 - https:\/\/yoast.com\/product\/yoast-seo-wordpress\/ -->\n<title>EU Charger Power Cable - Vmsport<\/title>\n<meta name=\"description\" content=\"EU Charger Power Cable \u2013 osta verkosta Vmsportilta. Nopea toimitus kotiovelle, joustava osamaksu ja asiantunteva py\u00f6r\u00e4huolto Pietarsaaressa ja Kokkolassa.\" \/>\n<meta name=\"robots\" content=\"index, follow, max-snippet:-1, max-image-preview:large, max-video-preview:-1\" \/>\n<link rel=\"canonical\" href=\"https:\/\/vmsport.fi\/sv\/webbutik\/reservdelar\/delar-till-elcyklar\/tillbehor-for-elcyklar\/eu-charger-power-cable\/\" \/>\n<meta property=\"og:locale\" content=\"sv_SE\" \/>\n<meta property=\"og:type\" content=\"article\" \/>\n<meta property=\"og:title\" content=\"EU Charger Power Cable - Vmsport\" \/>\n<meta property=\"og:description\" content=\"EU Charger Power Cable \u2013 osta verkosta Vmsportilta. Nopea toimitus kotiovelle, joustava osamaksu ja asiantunteva py\u00f6r\u00e4huolto Pietarsaaressa ja Kokkolassa.\" \/>\n<meta property=\"og:url\" content=\"https:\/\/vmsport.fi\/sv\/webbutik\/reservdelar\/delar-till-elcyklar\/tillbehor-for-elcyklar\/eu-charger-power-cable\/\" \/>\n<meta property=\"og:site_name\" content=\"Vmsport\" \/>\n<meta property=\"article:publisher\" content=\"https:\/\/www.facebook.com\/Vmsport.fi\/\" \/>\n<meta property=\"article:modified_time\" content=\"2026-08-31T11:17:16+00:00\" \/>\n<meta property=\"og:image\" content=\"https:\/\/vmsport.fi\/wp-content\/uploads\/2025\/03\/1200Wx1200H-2100207-1.png\" \/>\n\t<meta property=\"og:image:width\" content=\"1000\" \/>\n\t<meta property=\"og:image:height\" content=\"1000\" \/>\n\t<meta property=\"og:image:type\" content=\"image\/png\" \/>\n<meta name=\"twitter:card\" content=\"summary_large_image\" \/>\n<script type=\"application\/ld+json\" class=\"yoast-schema-graph\">{\"@context\":\"https:\\\/\\\/schema.org\",\"@graph\":[{\"@type\":[\"WebPage\",\"ItemPage\"],\"@id\":\"https:\\\/\\\/vmsport.fi\\\/verkkokauppa\\\/varaosat\\\/sahkopyorien-osat\\\/sahkopyora-tarvikkeet\\\/eu-charger-power-cable\\\/\",\"url\":\"https:\\\/\\\/vmsport.fi\\\/verkkokauppa\\\/varaosat\\\/sahkopyorien-osat\\\/sahkopyora-tarvikkeet\\\/eu-charger-power-cable\\\/\",\"name\":\"EU Charger Power Cable - Vmsport\",\"isPartOf\":{\"@id\":\"https:\\\/\\\/vmsport.fi\\\/#website\"},\"primaryImageOfPage\":{\"@id\":\"https:\\\/\\\/vmsport.fi\\\/verkkokauppa\\\/varaosat\\\/sahkopyorien-osat\\\/sahkopyora-tarvikkeet\\\/eu-charger-power-cable\\\/#primaryimage\"},\"image\":{\"@id\":\"https:\\\/\\\/vmsport.fi\\\/verkkokauppa\\\/varaosat\\\/sahkopyorien-osat\\\/sahkopyora-tarvikkeet\\\/eu-charger-power-cable\\\/#primaryimage\"},\"thumbnailUrl\":\"https:\\\/\\\/vmsport.fi\\\/wp-content\\\/uploads\\\/2025\\\/03\\\/1200Wx1200H-2100207-1.png\",\"datePublished\":\"2025-03-05T21:49:32+00:00\",\"dateModified\":\"2026-08-31T11:17:16+00:00\",\"description\":\"EU Charger Power Cable \u2013 osta verkosta Vmsportilta. Nopea toimitus kotiovelle, joustava osamaksu ja asiantunteva py\u00f6r\u00e4huolto Pietarsaaressa ja Kokkolassa.\",\"breadcrumb\":{\"@id\":\"https:\\\/\\\/vmsport.fi\\\/verkkokauppa\\\/varaosat\\\/sahkopyorien-osat\\\/sahkopyora-tarvikkeet\\\/eu-charger-power-cable\\\/#breadcrumb\"},\"inLanguage\":\"sv-SE\",\"potentialAction\":[{\"@type\":\"ReadAction\",\"target\":[\"https:\\\/\\\/vmsport.fi\\\/verkkokauppa\\\/varaosat\\\/sahkopyorien-osat\\\/sahkopyora-tarvikkeet\\\/eu-charger-power-cable\\\/\"]}]},{\"@type\":\"ImageObject\",\"inLanguage\":\"sv-SE\",\"@id\":\"https:\\\/\\\/vmsport.fi\\\/verkkokauppa\\\/varaosat\\\/sahkopyorien-osat\\\/sahkopyora-tarvikkeet\\\/eu-charger-power-cable\\\/#primaryimage\",\"url\":\"https:\\\/\\\/vmsport.fi\\\/wp-content\\\/uploads\\\/2025\\\/03\\\/1200Wx1200H-2100207-1.png\",\"contentUrl\":\"https:\\\/\\\/vmsport.fi\\\/wp-content\\\/uploads\\\/2025\\\/03\\\/1200Wx1200H-2100207-1.png\",\"width\":1000,\"height\":1000,\"caption\":\"1200Wx1200H-2100207\"},{\"@type\":\"BreadcrumbList\",\"@id\":\"https:\\\/\\\/vmsport.fi\\\/verkkokauppa\\\/varaosat\\\/sahkopyorien-osat\\\/sahkopyora-tarvikkeet\\\/eu-charger-power-cable\\\/#breadcrumb\",\"itemListElement\":[{\"@type\":\"ListItem\",\"position\":1,\"name\":\"Etusivu\",\"item\":\"https:\\\/\\\/vmsport.fi\\\/\"},{\"@type\":\"ListItem\",\"position\":2,\"name\":\"Online Store\",\"item\":\"https:\\\/\\\/vmsport.fi\\\/en\\\/online-store\\\/\"},{\"@type\":\"ListItem\",\"position\":3,\"name\":\"EU Charger Power Cable\"}]},{\"@type\":\"WebSite\",\"@id\":\"https:\\\/\\\/vmsport.fi\\\/#website\",\"url\":\"https:\\\/\\\/vmsport.fi\\\/\",\"name\":\"Vmsport\",\"description\":\"Kaikki py\u00f6r\u00e4ilyyn yhdest\u00e4 paikasta\",\"publisher\":{\"@id\":\"https:\\\/\\\/vmsport.fi\\\/#organization\"},\"potentialAction\":[{\"@type\":\"SearchAction\",\"target\":{\"@type\":\"EntryPoint\",\"urlTemplate\":\"https:\\\/\\\/vmsport.fi\\\/?s={search_term_string}\"},\"query-input\":{\"@type\":\"PropertyValueSpecification\",\"valueRequired\":true,\"valueName\":\"search_term_string\"}}],\"inLanguage\":\"sv-SE\"},{\"@type\":\"Organization\",\"@id\":\"https:\\\/\\\/vmsport.fi\\\/#organization\",\"name\":\"Vmsport\",\"url\":\"https:\\\/\\\/vmsport.fi\\\/\",\"logo\":{\"@type\":\"ImageObject\",\"inLanguage\":\"sv-SE\",\"@id\":\"https:\\\/\\\/vmsport.fi\\\/#\\\/schema\\\/logo\\\/image\\\/\",\"url\":\"https:\\\/\\\/vmsport.fi\\\/wp-content\\\/uploads\\\/2024\\\/12\\\/vm_sport_RGB_horisontal-e1734526017575.png\",\"contentUrl\":\"https:\\\/\\\/vmsport.fi\\\/wp-content\\\/uploads\\\/2024\\\/12\\\/vm_sport_RGB_horisontal-e1734526017575.png\",\"width\":668,\"height\":85,\"caption\":\"Vmsport\"},\"image\":{\"@id\":\"https:\\\/\\\/vmsport.fi\\\/#\\\/schema\\\/logo\\\/image\\\/\"},\"sameAs\":[\"https:\\\/\\\/www.facebook.com\\\/Vmsport.fi\\\/\",\"https:\\\/\\\/www.instagram.com\\\/vmsport\\\/\"]}]}<\/script>\n<!-- \/ Yoast SEO plugin. -->","yoast_head_json":{"title":"EU Charger Power Cable - Vmsport","description":"EU Charger Power Cable \u2013 k\u00f6p online fr\u00e5n Vmsport. Snabb leverans till d\u00f6rren, flexibel delbetalning och kunnig cykelservice i Jakobstad och Karleby.","robots":{"index":"index","follow":"follow","max-snippet":"max-snippet:-1","max-image-preview":"max-image-preview:large","max-video-preview":"max-video-preview:-1"},"canonical":"https:\/\/vmsport.fi\/sv\/webbutik\/reservdelar\/delar-till-elcyklar\/tillbehor-for-elcyklar\/eu-charger-power-cable\/","og_locale":"sv_SE","og_type":"article","og_title":"EU Charger Power Cable - Vmsport","og_description":"EU Charger Power Cable \u2013 osta verkosta Vmsportilta. Nopea toimitus kotiovelle, joustava osamaksu ja asiantunteva py\u00f6r\u00e4huolto Pietarsaaressa ja Kokkolassa.","og_url":"https:\/\/vmsport.fi\/sv\/webbutik\/reservdelar\/delar-till-elcyklar\/tillbehor-for-elcyklar\/eu-charger-power-cable\/","og_site_name":"Vmsport","article_publisher":"https:\/\/www.facebook.com\/Vmsport.fi\/","article_modified_time":"2026-08-31T11:17:16+00:00","og_image":[{"width":1000,"height":1000,"url":"https:\/\/vmsport.fi\/wp-content\/uploads\/2025\/03\/1200Wx1200H-2100207-1.png","type":"image\/png"}],"twitter_card":"summary_large_image","schema":{"@context":"https:\/\/schema.org","@graph":[{"@type":["WebPage","ItemPage"],"@id":"https:\/\/vmsport.fi\/verkkokauppa\/varaosat\/sahkopyorien-osat\/sahkopyora-tarvikkeet\/eu-charger-power-cable\/","url":"https:\/\/vmsport.fi\/verkkokauppa\/varaosat\/sahkopyorien-osat\/sahkopyora-tarvikkeet\/eu-charger-power-cable\/","name":"EU Charger Power Cable - Vmsport","isPartOf":{"@id":"https:\/\/vmsport.fi\/#website"},"primaryImageOfPage":{"@id":"https:\/\/vmsport.fi\/verkkokauppa\/varaosat\/sahkopyorien-osat\/sahkopyora-tarvikkeet\/eu-charger-power-cable\/#primaryimage"},"image":{"@id":"https:\/\/vmsport.fi\/verkkokauppa\/varaosat\/sahkopyorien-osat\/sahkopyora-tarvikkeet\/eu-charger-power-cable\/#primaryimage"},"thumbnailUrl":"https:\/\/vmsport.fi\/wp-content\/uploads\/2025\/03\/1200Wx1200H-2100207-1.png","datePublished":"2025-03-05T21:49:32+00:00","dateModified":"2026-08-31T11:17:16+00:00","description":"EU Charger Power Cable \u2013 k\u00f6p online fr\u00e5n Vmsport. Snabb leverans till d\u00f6rren, flexibel delbetalning och kunnig cykelservice i Jakobstad och Karleby.","breadcrumb":{"@id":"https:\/\/vmsport.fi\/verkkokauppa\/varaosat\/sahkopyorien-osat\/sahkopyora-tarvikkeet\/eu-charger-power-cable\/#breadcrumb"},"inLanguage":"sv-SE","potentialAction":[{"@type":"ReadAction","target":["https:\/\/vmsport.fi\/verkkokauppa\/varaosat\/sahkopyorien-osat\/sahkopyora-tarvikkeet\/eu-charger-power-cable\/"]}]},{"@type":"ImageObject","inLanguage":"sv-SE","@id":"https:\/\/vmsport.fi\/verkkokauppa\/varaosat\/sahkopyorien-osat\/sahkopyora-tarvikkeet\/eu-charger-power-cable\/#primaryimage","url":"https:\/\/vmsport.fi\/wp-content\/uploads\/2025\/03\/1200Wx1200H-2100207-1.png","contentUrl":"https:\/\/vmsport.fi\/wp-content\/uploads\/2025\/03\/1200Wx1200H-2100207-1.png","width":1000,"height":1000,"caption":"1200Wx1200H-2100207"},{"@type":"BreadcrumbList","@id":"https:\/\/vmsport.fi\/verkkokauppa\/varaosat\/sahkopyorien-osat\/sahkopyora-tarvikkeet\/eu-charger-power-cable\/#breadcrumb","itemListElement":[{"@type":"ListItem","position":1,"name":"Etusivu","item":"https:\/\/vmsport.fi\/"},{"@type":"ListItem","position":2,"name":"Online Store","item":"https:\/\/vmsport.fi\/en\/online-store\/"},{"@type":"ListItem","position":3,"name":"EU Charger Power Cable"}]},{"@type":"WebSite","@id":"https:\/\/vmsport.fi\/#website","url":"https:\/\/vmsport.fi\/","name":"Vmsport","description":"Allt p\u00e5 ett st\u00e4lle f\u00f6r cykling","publisher":{"@id":"https:\/\/vmsport.fi\/#organization"},"potentialAction":[{"@type":"SearchAction","target":{"@type":"EntryPoint","urlTemplate":"https:\/\/vmsport.fi\/?s={search_term_string}"},"query-input":{"@type":"PropertyValueSpecification","valueRequired":true,"valueName":"search_term_string"}}],"inLanguage":"sv-SE"},{"@type":"Organization","@id":"https:\/\/vmsport.fi\/#organization","name":"Vmsport","url":"https:\/\/vmsport.fi\/","logo":{"@type":"ImageObject","inLanguage":"sv-SE","@id":"https:\/\/vmsport.fi\/#\/schema\/logo\/image\/","url":"https:\/\/vmsport.fi\/wp-content\/uploads\/2024\/12\/vm_sport_RGB_horisontal-e1734526017575.png","contentUrl":"https:\/\/vmsport.fi\/wp-content\/uploads\/2024\/12\/vm_sport_RGB_horisontal-e1734526017575.png","width":668,"height":85,"caption":"Vmsport"},"image":{"@id":"https:\/\/vmsport.fi\/#\/schema\/logo\/image\/"},"sameAs":["https:\/\/www.facebook.com\/Vmsport.fi\/","https:\/\/www.instagram.com\/vmsport\/"]}]}},"global_unique_id":"","_links":{"self":[{"href":"https:\/\/vmsport.fi\/sv\/wp-json\/wp\/v2\/product\/54102","targetHints":{"allow":["GET"]}}],"collection":[{"href":"https:\/\/vmsport.fi\/sv\/wp-json\/wp\/v2\/product"}],"about":[{"href":"https:\/\/vmsport.fi\/sv\/wp-json\/wp\/v2\/types\/product"}],"replies":[{"embeddable":true,"href":"https:\/\/vmsport.fi\/sv\/wp-json\/wp\/v2\/comments?post=54102"}],"wp:featuredmedia":[{"embeddable":true,"href":"https:\/\/vmsport.fi\/sv\/wp-json\/wp\/v2\/media\/54101"}],"wp:attachment":[{"href":"https:\/\/vmsport.fi\/sv\/wp-json\/wp\/v2\/media?parent=54102"}],"wp:term":[{"taxonomy":"product_brand","embeddable":true,"href":"https:\/\/vmsport.fi\/sv\/wp-json\/wp\/v2\/product_brand?post=54102"},{"taxonomy":"product_model","embeddable":true,"href":"https:\/\/vmsport.fi\/sv\/wp-json\/wp\/v2\/product_model?post=54102"},{"taxonomy":"product_cat","embeddable":true,"href":"https:\/\/vmsport.fi\/sv\/wp-json\/wp\/v2\/product_cat?post=54102"},{"taxonomy":"product_tag","embeddable":true,"href":"https:\/\/vmsport.fi\/sv\/wp-json\/wp\/v2\/product_tag?post=54102"},{"taxonomy":"industry_terminology","embeddable":true,"href":"https:\/\/vmsport.fi\/sv\/wp-json\/wp\/v2\/industry-terminology?post=54102"}],"curies":[{"name":"wp","href":"https:\/\/api.w.org\/{rel}","templated":true}]}}